{"id":1386,"date":"2018-05-13T21:10:05","date_gmt":"2018-05-13T19:10:05","guid":{"rendered":"http:\/\/sehlde.info\/content\/?page_id=1386"},"modified":"2025-07-02T15:32:46","modified_gmt":"2025-07-02T13:32:46","slug":"gemeinde-sehlde","status":"publish","type":"page","link":"https:\/\/sehlde.info\/content\/gemeinde-sehlde\/","title":{"rendered":"Gemeinde Sehlde"},"content":{"rendered":"\n<div class=\"wp-block-columns is-layout-flex wp-container-core-columns-is-layout-9d6595d7 wp-block-columns-is-layout-flex\">\n<div class=\"wp-block-column is-layout-flow wp-block-column-is-layout-flow\" style=\"flex-basis:33.33%\"><ul class=\"ecs-event-list\"><li class=\"ecs-event gemeinde-sehlde_ecs_category oeffentlich_ecs_category vereinekalender_ecs_category\"><h4 class=\"entry-title summary\"><a href=\"https:\/\/sehlde.info\/content\/event\/sehlde-feiert-midsommar-gem\/\" rel=\"bookmark\">Sehlde feiert Midsommar (Gem)<\/a><\/h4><span class=\"duration time\"><span class=\"tribe-event-date-start\">20. Juni | 0:00<\/span><\/span><\/li><li class=\"ecs-event gemeinde-sehlde_ecs_category vereinekalender_ecs_category\"><h4 class=\"entry-title summary\"><a href=\"https:\/\/sehlde.info\/content\/event\/volkstrauertag-gem\/\" rel=\"bookmark\">Volkstrauertag (Gem)<\/a><\/h4><span class=\"duration time\"><span class=\"tribe-event-date-start\">14. November | 0:00<\/span><\/span><\/li><\/ul><script type=\"application\/ld+json\">\r\n[{\"@context\":\"http:\/\/schema.org\",\"@type\":\"Event\",\"name\":\"Sehlde feiert Midsommar (Gem)\",\"description\":\"\",\"url\":\"https:\/\/sehlde.info\/content\/event\/sehlde-feiert-midsommar-gem\/\",\"eventAttendanceMode\":\"https:\/\/schema.org\/OfflineEventAttendanceMode\",\"eventStatus\":\"https:\/\/schema.org\/EventScheduled\",\"startDate\":\"2026-06-20T00:00:00+02:00\",\"endDate\":\"2026-06-20T00:00:00+02:00\",\"organizer\":{\"@type\":\"Person\",\"name\":\"Gemeinde Sehlde\",\"description\":\"\",\"url\":\"http:\/\/www.baddeckenstedt.de\",\"telephone\":\"\",\"email\":\"\",\"sameAs\":\"http:\/\/www.baddeckenstedt.de\"},\"performer\":\"Organization\"},{\"@context\":\"http:\/\/schema.org\",\"@type\":\"Event\",\"name\":\"Volkstrauertag (Gem)\",\"description\":\"\",\"url\":\"https:\/\/sehlde.info\/content\/event\/volkstrauertag-gem\/\",\"eventAttendanceMode\":\"https:\/\/schema.org\/OfflineEventAttendanceMode\",\"eventStatus\":\"https:\/\/schema.org\/EventScheduled\",\"startDate\":\"2026-11-14T00:00:00+01:00\",\"endDate\":\"2026-11-14T00:00:00+01:00\",\"location\":{\"@type\":\"Place\",\"name\":\"Ehrenmal\",\"description\":\"\",\"url\":\"\",\"address\":{\"@type\":\"PostalAddress\"},\"telephone\":\"\",\"sameAs\":\"\"},\"organizer\":{\"@type\":\"Person\",\"name\":\"Gemeinde Sehlde\",\"description\":\"\",\"url\":\"http:\/\/www.baddeckenstedt.de\",\"telephone\":\"\",\"email\":\"\",\"sameAs\":\"http:\/\/www.baddeckenstedt.de\"},\"performer\":\"Organization\"}]\r\n<\/script><!--\n Event listing powered by The Events Calendar Shortcode\n https:\/\/eventcalendarnewsletter.com\/the-events-calendar-shortcode\/ \n-->\n<\/div>\n\n\n\n<div class=\"wp-block-column is-layout-flow wp-block-column-is-layout-flow\" style=\"flex-basis:66.66%\"><ul class=\"wp-block-latest-posts__list has-dates wp-block-latest-posts\"><li><a class=\"wp-block-latest-posts__post-title\" href=\"https:\/\/sehlde.info\/content\/2026\/04\/gemeinderatssitzung-in-sehlde-am-28-april-2026\/\">Gemeinderatssitzung in Sehlde am 28. April 2026<\/a><time datetime=\"2026-04-25T11:00:00+02:00\" class=\"wp-block-latest-posts__post-date\">25. April 2026<\/time><div class=\"wp-block-latest-posts__post-excerpt\">Nachholtermin: Am 28. April 2026 um 18.00 Uhr findet im Gemeindeb\u00fcro in der Hubertusstra\u00dfe 30 die \u00f6ffentliche Gemeinderatssitzung statt. Thema ist erneut die Bauhof-Vereinbarung. #Gemeinderat #Sehlde #Bauhof #\u00d6ffentlich #Verwaltung<\/div><\/li>\n<li><div class=\"wp-block-latest-posts__featured-image alignleft\"><img loading=\"lazy\" decoding=\"async\" width=\"150\" height=\"150\" src=\"https:\/\/sehlde.info\/content\/wp-content\/uploads\/2026\/04\/2026-04-07-Bild-LKW-Hainbergstrasse-scaled-e1776144069896-150x150.jpg\" class=\"attachment-thumbnail size-thumbnail wp-post-image\" alt=\"Ein abgestellter LKW in der Hainbergstra\u00dfe\" style=\"max-width:150px;max-height:150px;\" srcset=\"https:\/\/sehlde.info\/content\/wp-content\/uploads\/2026\/04\/2026-04-07-Bild-LKW-Hainbergstrasse-scaled-e1776144069896-150x150.jpg 150w, https:\/\/sehlde.info\/content\/wp-content\/uploads\/2026\/04\/2026-04-07-Bild-LKW-Hainbergstrasse-scaled-e1776144069896-300x300.jpg 300w, https:\/\/sehlde.info\/content\/wp-content\/uploads\/2026\/04\/2026-04-07-Bild-LKW-Hainbergstrasse-scaled-e1776144069896-1024x1024.jpg 1024w, https:\/\/sehlde.info\/content\/wp-content\/uploads\/2026\/04\/2026-04-07-Bild-LKW-Hainbergstrasse-scaled-e1776144069896-768x769.jpg 768w, https:\/\/sehlde.info\/content\/wp-content\/uploads\/2026\/04\/2026-04-07-Bild-LKW-Hainbergstrasse-scaled-e1776144069896.jpg 1441w\" sizes=\"auto, (max-width: 150px) 100vw, 150px\" \/><\/div><a class=\"wp-block-latest-posts__post-title\" href=\"https:\/\/sehlde.info\/content\/2026\/04\/gemeinderat-nicht-beschlussfaehig-sitzung-faellt-aus\/\">Gemeinderat nicht beschlussf\u00e4hig \u2013 Sitzung f\u00e4llt aus<\/a><time datetime=\"2026-04-14T11:00:00+02:00\" class=\"wp-block-latest-posts__post-date\">14. April 2026<\/time><div class=\"wp-block-latest-posts__post-excerpt\">Infos zu Spielplatz, Glasfaser-Sch\u00e4den und Wahlvorbereitung am 7. April Sehlde #Gemeinderat #Spielplatz #Glasfaser #Kommunalwahl<\/div><\/li>\n<li><a class=\"wp-block-latest-posts__post-title\" href=\"https:\/\/sehlde.info\/content\/2026\/04\/gemeinderatssitzung-in-sehlde-am-7-april-2026\/\">Gemeinderatssitzung in Sehlde am 7. April 2026<\/a><time datetime=\"2026-04-06T12:00:00+02:00\" class=\"wp-block-latest-posts__post-date\">6. April 2026<\/time><div class=\"wp-block-latest-posts__post-excerpt\">Am 7. April 2026 um 18.00 Uhr l\u00e4dt die Gemeinde Sehlde zur \u00f6ffentlichen Gemeinderatssitzung ins Gemeindeb\u00fcro ein. Thema ist unter anderem die Vereinbarung \u00fcber Bauhofdienstleistungen. #Gemeinderat #Sehlde #Bauhof #\u00d6ffentlich #Verwaltung<\/div><\/li>\n<li><div class=\"wp-block-latest-posts__featured-image alignleft\"><img loading=\"lazy\" decoding=\"async\" width=\"150\" height=\"150\" src=\"https:\/\/sehlde.info\/content\/wp-content\/uploads\/2024\/09\/IMG_20240904_190108748-scaled-e1770473302758-150x150.jpg\" class=\"attachment-thumbnail size-thumbnail wp-post-image\" alt=\"Annika Bollmeier vor dem Gemeindeb\u00fcro\" style=\"max-width:150px;max-height:150px;\" srcset=\"https:\/\/sehlde.info\/content\/wp-content\/uploads\/2024\/09\/IMG_20240904_190108748-scaled-e1770473302758-150x150.jpg 150w, https:\/\/sehlde.info\/content\/wp-content\/uploads\/2024\/09\/IMG_20240904_190108748-scaled-e1770473302758-300x300.jpg 300w, https:\/\/sehlde.info\/content\/wp-content\/uploads\/2024\/09\/IMG_20240904_190108748-scaled-e1770473302758-1024x1024.jpg 1024w, https:\/\/sehlde.info\/content\/wp-content\/uploads\/2024\/09\/IMG_20240904_190108748-scaled-e1770473302758-768x769.jpg 768w, https:\/\/sehlde.info\/content\/wp-content\/uploads\/2024\/09\/IMG_20240904_190108748-scaled-e1770473302758.jpg 1441w\" sizes=\"auto, (max-width: 150px) 100vw, 150px\" \/><\/div><a class=\"wp-block-latest-posts__post-title\" href=\"https:\/\/sehlde.info\/content\/2026\/02\/steuererhoehung-sanierung-der-sporthalle-und-spielplaetze\/\">Steuererh\u00f6hung, Sanierung der Sporthalle und Spielpl\u00e4tze<\/a><time datetime=\"2026-02-09T11:00:00+01:00\" class=\"wp-block-latest-posts__post-date\">9. Februar 2026<\/time><div class=\"wp-block-latest-posts__post-excerpt\">Steuererh\u00f6hung, Sanierung der Sporthalle und Spielpl\u00e4tze: In der Gemeinderatssitzung am 4. Februar 2026 diskutierte der Rat \u00fcber Finanzen, Investitionen und B\u00fcrgerbeteiligung in Sehlde. #Sehlde #Gemeinderat #Haushalt2026 #Sporthalle #Spielpl\u00e4tze<\/div><\/li>\n<li><div class=\"wp-block-latest-posts__featured-image alignleft\"><img loading=\"lazy\" decoding=\"async\" width=\"100\" height=\"150\" src=\"https:\/\/sehlde.info\/content\/wp-content\/uploads\/2025\/12\/2025-12-20-Weihnachtsmarkt-Sehlde-2-100x150.jpeg\" class=\"attachment-thumbnail size-thumbnail wp-post-image\" alt=\"Der Feuerk\u00fcnstler auf dem Sehlder Weihnachtsmarkt. Foto: UniDoku\" style=\"max-width:150px;max-height:150px;\" srcset=\"https:\/\/sehlde.info\/content\/wp-content\/uploads\/2025\/12\/2025-12-20-Weihnachtsmarkt-Sehlde-2-100x150.jpeg 100w, https:\/\/sehlde.info\/content\/wp-content\/uploads\/2025\/12\/2025-12-20-Weihnachtsmarkt-Sehlde-2-200x300.jpeg 200w, https:\/\/sehlde.info\/content\/wp-content\/uploads\/2025\/12\/2025-12-20-Weihnachtsmarkt-Sehlde-2-682x1024.jpeg 682w, https:\/\/sehlde.info\/content\/wp-content\/uploads\/2025\/12\/2025-12-20-Weihnachtsmarkt-Sehlde-2-768x1152.jpeg 768w, https:\/\/sehlde.info\/content\/wp-content\/uploads\/2025\/12\/2025-12-20-Weihnachtsmarkt-Sehlde-2.jpeg 853w\" sizes=\"auto, (max-width: 100px) 100vw, 100px\" \/><\/div><a class=\"wp-block-latest-posts__post-title\" href=\"https:\/\/sehlde.info\/content\/2025\/12\/weihnachtsmarkt-in-sehlde-verbindet-dorf-vereine-und-festliche-stimmung\/\">Weihnachtsmarkt in Sehlde verbindet Dorf, Vereine und festliche Stimmung<\/a><time datetime=\"2025-12-22T11:00:00+01:00\" class=\"wp-block-latest-posts__post-date\">22. Dezember 2025<\/time><div class=\"wp-block-latest-posts__post-excerpt\">Der Weihnachtsmarkt in Sehlde hat am 20. Dezember 2025 zahlreiche Besucherinnen und Besucher auf den Schulhof gelockt. Bei vergleichsweise mildem Wetter, Feuerk\u00f6rben und einem Licht- und Feuerk\u00fcnstler entstand eine stimmungsvolle Atmosph\u00e4re. Viele Familien nutzten den Nachmittag und Abend f\u00fcr Begegnungen, Gespr\u00e4che und einen gemeinsamen Einstieg in die Weihnachtszeit. #WeihnachtsmarktSehlde #Sehlde #Dorfleben #Weihnachten #Vereine #Feuerk\u00fcnstler #Familien #UniDoku<\/div><\/li>\n<\/ul><\/div>\n<\/div>\n","protected":false},"excerpt":{"rendered":"","protected":false},"author":2,"featured_media":0,"parent":0,"menu_order":0,"comment_status":"closed","ping_status":"closed","template":"","meta":{"footnotes":""},"class_list":["post-1386","page","type-page","status-publish","hentry","cat_gemeinde-sehlde","cat_vereinekalender"],"_links":{"self":[{"href":"https:\/\/sehlde.info\/content\/wp-json\/wp\/v2\/pages\/1386","targetHints":{"allow":["GET"]}}],"collection":[{"href":"https:\/\/sehlde.info\/content\/wp-json\/wp\/v2\/pages"}],"about":[{"href":"https:\/\/sehlde.info\/content\/wp-json\/wp\/v2\/types\/page"}],"author":[{"embeddable":true,"href":"https:\/\/sehlde.info\/content\/wp-json\/wp\/v2\/users\/2"}],"replies":[{"embeddable":true,"href":"https:\/\/sehlde.info\/content\/wp-json\/wp\/v2\/comments?post=1386"}],"version-history":[{"count":4,"href":"https:\/\/sehlde.info\/content\/wp-json\/wp\/v2\/pages\/1386\/revisions"}],"predecessor-version":[{"id":4166,"href":"https:\/\/sehlde.info\/content\/wp-json\/wp\/v2\/pages\/1386\/revisions\/4166"}],"wp:attachment":[{"href":"https:\/\/sehlde.info\/content\/wp-json\/wp\/v2\/media?parent=1386"}],"curies":[{"name":"wp","href":"https:\/\/api.w.org\/{rel}","templated":true}]}}